{"version":"1.0","provider_name":"GBIF.ES","provider_url":"https:\/\/gbif.es\/en\/","author_name":"gbif_us","author_url":"https:\/\/gbif.es\/en\/author\/gbif_us\/","title":"I Seminario sobre conservaci\u00f3n de flora rup\u00edcola - GBIF.ES","type":"rich","width":600,"height":338,"html":"<blockquote class=\"wp-embedded-content\" data-secret=\"alLW36nRh8\"><a href=\"https:\/\/gbif.es\/en\/i-seminario-sobre-conservacion-de-flora-rupicola\/\">I Seminario sobre conservaci\u00f3n de flora rup\u00edcola<\/a><\/blockquote><iframe sandbox=\"allow-scripts\" security=\"restricted\" src=\"https:\/\/gbif.es\/en\/i-seminario-sobre-conservacion-de-flora-rupicola\/embed\/#?secret=alLW36nRh8\" width=\"600\" height=\"338\" title=\"&#8220;I Seminario sobre conservaci\u00f3n de flora rup\u00edcola&#8221; &#8212; GBIF.ES\" data-secret=\"alLW36nRh8\" frameborder=\"0\" marginwidth=\"0\" marginheight=\"0\" scrolling=\"no\" class=\"wp-embedded-content\"><\/iframe><script type=\"text\/javascript\">\n\/* <![CDATA[ *\/\n\/*! This file is auto-generated *\/\n!function(d,l){\"use strict\";l.querySelector&&d.addEventListener&&\"undefined\"!=typeof URL&&(d.wp=d.wp||{},d.wp.receiveEmbedMessage||(d.wp.receiveEmbedMessage=function(e){var t=e.data;if((t||t.secret||t.message||t.value)&&!\/[^a-zA-Z0-9]\/.test(t.secret)){for(var s,r,n,a=l.querySelectorAll('iframe[data-secret=\"'+t.secret+'\"]'),o=l.querySelectorAll('blockquote[data-secret=\"'+t.secret+'\"]'),c=new RegExp(\"^https?:$\",\"i\"),i=0;i<o.length;i++)o[i].style.display=\"none\";for(i=0;i<a.length;i++)s=a[i],e.source===s.contentWindow&&(s.removeAttribute(\"style\"),\"height\"===t.message?(1e3<(r=parseInt(t.value,10))?r=1e3:~~r<200&&(r=200),s.height=r):\"link\"===t.message&&(r=new URL(s.getAttribute(\"src\")),n=new URL(t.value),c.test(n.protocol))&&n.host===r.host&&l.activeElement===s&&(d.top.location.href=t.value))}},d.addEventListener(\"message\",d.wp.receiveEmbedMessage,!1),l.addEventListener(\"DOMContentLoaded\",function(){for(var e,t,s=l.querySelectorAll(\"iframe.wp-embedded-content\"),r=0;r<s.length;r++)(t=(e=s[r]).getAttribute(\"data-secret\"))||(t=Math.random().toString(36).substring(2,12),e.src+=\"#?secret=\"+t,e.setAttribute(\"data-secret\",t)),e.contentWindow.postMessage({message:\"ready\",secret:t},\"*\")},!1)))}(window,document);\n\/* ]]> *\/\n<\/script>\n","description":"Conscientes del alto valor ecol\u00f3gico de la flora rup\u00edcola y de las numerosas amenazas que sufre su h\u00e1bitat, el Gobierno de Arag\u00f3n organiza este Seminario de Conservaci\u00f3n de Flora Rup\u00edcola, probablemente el primero de Espa\u00f1a de estas caracter\u00edsticas, para reunir a cient\u00edficos, investigadores y gestores, poner en com\u00fan experiencias de gesti\u00f3n y conocer las \u00faltimas [&hellip;]","thumbnail_url":"https:\/\/gbif.es\/wp-content\/uploads\/2024\/07\/logo-GBIF-RGB-01.png","thumbnail_width":1064,"thumbnail_height":554}