{"id":25991,"date":"2022-07-04T11:38:08","date_gmt":"2022-07-04T09:38:08","guid":{"rendered":"https:\/\/gbif.es\/?page_id=25991"},"modified":"2023-10-18T10:55:20","modified_gmt":"2023-10-18T08:55:20","slug":"resources-spanish","status":"publish","type":"page","link":"https:\/\/gbif.es\/en\/stakeholders\/jornadas-administraciones-ambientales\/resources-spanish\/","title":{"rendered":"Resources (ES)"},"content":{"rendered":"<table class=\"responsive recursos\">\n<thead>\n<tr>\n<th>T\u00edtulo del desarrollo<\/th>\n<th>Tipo de desarrollo*<\/th>\n<th>Entidad\/administraci\u00f3n responsable<\/th>\n<th class=\"descripcion\">Descripci\u00f3n<\/th>\n<th>URL de acceso<\/th>\n<th>URL del repositorio de<br \/>\nc\u00f3digo abierto<\/th>\n<th>Fecha \u00faltima consulta verificaci\u00f3n<\/th>\n<\/tr>\n<\/thead>\n<tbody>\n<tr style=\"vertical-align: top;\">\n<td><strong>Banco de datos de la naturaleza (BDN)<\/strong><\/td>\n<td>Software<\/td>\n<td>MITERD &#8211; Subdirecci\u00f3n General de Biodiversidad Terrestre y Marina<\/td>\n<td>Repositorio de informaci\u00f3n alfanum\u00e9rica, cartogr\u00e1fica, documental y multimedia disponible sobre los distintos componentes del <a href=\"https:\/\/www.miteco.gob.es\/es\/biodiversidad\/temas\/inventarios-nacionales\/inventario-espanol-patrimonio-natural-biodiv\/default.aspx\">Inventario Espa\u00f1ol del Patrimonio Natural y de la Biodiversidad<\/a><\/td>\n<td style=\"word-break: break-all;\" width=\"147\">\n<form action=\"https:\/\/www.miteco.gob.es\/es\/biodiversidad\/servicios\/banco-datos-naturaleza\/\" method=\"GET\"><input type=\"submit\" value=\"Acceso al recurso\" \/><\/form>\n<\/td>\n<td style=\"word-break: break-all;\" width=\"147\">\n<form action=\"https:\/\/github.com\/BancoDatosNaturaleza\" method=\"GET\"><input type=\"submit\" value=\"Repositorio de c\u00f3digo abierto\" \/><\/form>\n<\/td>\n<td>28\/01\/2022<\/td>\n<\/tr>\n<tr style=\"vertical-align: top;\">\n<td><strong>EIDOS<\/strong><\/td>\n<td>Software<\/td>\n<td>MITERD &#8211; Subdirecci\u00f3n General de Biodiversidad Terrestre y Marina<\/td>\n<td>Base de datos que incorpora la informaci\u00f3n oficial sobre las especies silvestres presentes en Espa\u00f1a recopiladas por el MITERD<\/td>\n<td style=\"word-break: break-all;\">\n<form action=\"https:\/\/www.miteco.gob.es\/es\/biodiversidad\/servicios\/banco-datos-naturaleza\/Eidos_acceso.aspx\" method=\"GET\"><input type=\"submit\" value=\"Acceso al recurso\" \/><\/form>\n<\/td>\n<td style=\"word-break: break-all;\">\n<form action=\"https:\/\/github.com\/BancoDatosNaturaleza\/EIDOS\" method=\"GET\"><input type=\"submit\" value=\"Repositorio de c\u00f3digo abierto\" \/><\/form>\n<\/td>\n<td>28\/01\/2022<\/td>\n<\/tr>\n<tr style=\"vertical-align: top;\">\n<td><strong>Sistema de Informaci\u00f3n de la Naturaleza de Euskadi<\/strong><\/td>\n<td>Software<\/td>\n<td>Gobierno vasco &#8211; Departamento de Desarrollo Econ\u00f3mico, Sostenibilidad y Medio Ambiente<\/td>\n<td>Es una herramienta de integraci\u00f3n, consulta y an\u00e1lisis de la informaci\u00f3n, que permite la reutilizaci\u00f3n de datos y la colaboraci\u00f3n de personas y entidades.<\/td>\n<td style=\"word-break: break-all;\">\n<form action=\"https:\/\/www.euskadi.eus\/sistema-de-informacion-de-la-naturaleza-de-euskadi\/web01-a2ingdib\/es\/\" method=\"GET\"><input type=\"submit\" value=\"Acceso al recurso\" \/><\/form>\n<\/td>\n<td style=\"word-break: break-all;\">\n<form action=\"https:\/\/www.ingurumena.ejgv.euskadi.eus\/ac84aBuscadorWar\/recurso\/4\" method=\"GET\"><input type=\"submit\" value=\"API\" \/><\/form>\n<form action=\"https:\/\/www.ingurumena.ejgv.euskadi.eus\/ac84aBuscadorWar\/datasets\/182\" method=\"GET\"><input type=\"submit\" value=\"Vocabularios controlados\" \/><\/form>\n<\/td>\n<td>28\/01\/2022<\/td>\n<\/tr>\n<tr style=\"vertical-align: top;\">\n<td><strong>Red de Informaci\u00f3n Ambiental de Andaluc\u00eda (REDIAM)<\/strong><\/td>\n<td>Software<\/td>\n<td>Junta de Andaluc\u00eda &#8211; Consejer\u00eda de Agricultura, Ganader\u00eda, Pesca y Desarrollo Sostenible<\/td>\n<td>Integraci\u00f3n de toda la informaci\u00f3n sobre el medio ambiente andaluz generada por todo tipo de centros productores de informaci\u00f3n ambiental en Andaluc\u00eda.<\/td>\n<td style=\"word-break: break-all;\">\n<form action=\"https:\/\/www.juntadeandalucia.es\/medioambiente\/portal\/web\/guest\/acceso-rediam\" method=\"GET\"><input type=\"submit\" value=\"Acceso a REDIAM\" \/><\/form>\n<form action=\"https:\/\/descargasrediam.cica.es\/repo\/s\/RUR?path=%2F\" method=\"GET\"><input type=\"submit\" value=\"Descargas\" \/><\/form>\n<\/td>\n<td style=\"word-break: break-all;\">\n<form action=\"https:\/\/portalrediam.cica.es\/geonetwork\/srv\/spa\/catalog.search#\/search?facet.q=type%2Fservice-OGC%253AWFS&amp;resultType=details&amp;sortBy=changeDate&amp;fast=index&amp;_content_type=json&amp;from=1&amp;to=100\" method=\"GET\"><input type=\"submit\" value=\"Repositorio de c\u00f3digo abierto\" \/><\/form>\n<\/td>\n<td>04\/04\/2022<\/td>\n<\/tr>\n<tr style=\"vertical-align: top;\">\n<td><strong>Plinian Core<\/strong><\/td>\n<td>Est\u00e1ndar<\/td>\n<td>GBIF.ES y GBIF Costa Rica, Universidad de Granada (Espa\u00f1a), el Instituto Alexander von Humboldt (IAvH, Colombia), CONABIO M\u00e9xico y la Universidad de Sao Paulo (Brasil).<\/td>\n<td>Es un est\u00e1ndar que tiene por objeto facilitar el intercambio de informaci\u00f3n sobre especies y taxones superiores. Est\u00e1n incluidos todo tipo de t\u00e9rminos relacionados con las caracter\u00edsticas y rasgos de un tax\u00f3n -biol\u00f3gicos o no-. De este modo, por ejemplo, t\u00e9rminos concernientes a las descripciones, a los aspectos legales, a la conservaci\u00f3n, a la gesti\u00f3n, a la demograf\u00eda, a la nomenclatura o a los recursos relacionados pueden ser incorporados.<\/td>\n<td style=\"word-break: break-all;\">\n<form action=\"https:\/\/github.com\/tdwg\/PlinianCore\/wiki\" method=\"GET\"><input type=\"submit\" value=\"Acceso al recurso\" \/><\/form>\n<\/td>\n<td style=\"word-break: break-all;\">\n<form action=\"https:\/\/github.com\/tdwg\/PlinianCore\" method=\"GET\"><input type=\"submit\" value=\"Repositorio de c\u00f3digo abierto\" \/><\/form>\n<\/td>\n<td>01\/02\/2022<\/td>\n<\/tr>\n<tr style=\"vertical-align: top;\">\n<td><strong>Darwin Core<\/strong><\/td>\n<td>Est\u00e1ndar<\/td>\n<td>Comunidad de Biodiversity Information Standards (antes TDWG: Taxonomic Data Working Group)<\/td>\n<td>Ofrece un marco de trabajo estable, sencillo y flexible para recopilar datos de biodiversidad provenientes de fuentes diferentes y variables. El uso de Darwin Core gira en torno a un formato de archivo est\u00e1ndar, Darwin Core Archive (DwC-A). Este paquete comprimido (un archivo ZIP) contiene archivos de texto interconectados que permite a los proveedores de datos compartir sus datos utilizando una terminolog\u00eda com\u00fan.<\/td>\n<td style=\"word-break: break-all;\">\n<form action=\"https:\/\/dwc.tdwg.org\/terms\/\" method=\"GET\"><input type=\"submit\" value=\"Gu\u00eda\" \/><\/form>\n<form action=\"https:\/\/rs.gbif.org\/extensions.html#http:\/\/rs.tdwg.org\/dwc\/terms\/Event\" method=\"GET\"><input type=\"submit\" value=\"Otra informaci\u00f3n de inter\u00e9s\" \/><\/form>\n<\/td>\n<td style=\"word-break: break-all;\">\n<form action=\"https:\/\/github.com\/tdwg\/dwc\" method=\"GET\"><input type=\"submit\" value=\"Repositorio de c\u00f3digo abierto\" \/><\/form>\n<\/td>\n<td>02\/02\/2022<\/td>\n<\/tr>\n<tr style=\"vertical-align: top;\">\n<td><strong>INSPIRE<\/strong><\/td>\n<td>Validador<\/td>\n<td>European Commission Joint Research Centre B6 Unit<\/td>\n<td>El validador de referencia de INSPIRE es una herramienta de c\u00f3digo abierto reutilizable, basada en el marco de pruebas de c\u00f3digo abierto de la ETF, que permite a los proveedores de datos, proveedores de soluciones y coordinadores nacionales comprobar si los metadatos, los conjuntos de datos y los servicios de red cumplen los requisitos definidos en el documento de implementaci\u00f3n de las reglas y directrices INSPIRE.<\/td>\n<td style=\"word-break: break-all;\">\n<form action=\"https:\/\/inspire.ec.europa.eu\/validator\/home\/index.html\" method=\"GET\"><input type=\"submit\" value=\"Acceso al recurso\" \/><\/form>\n<\/td>\n<td style=\"word-break: break-all;\">\n<form action=\"https:\/\/github.com\/inspire-eu-validation\" method=\"GET\"><input type=\"submit\" value=\"Repositorio de c\u00f3digo abierto\" \/><\/form>\n<\/td>\n<td>02\/02\/2022<\/td>\n<\/tr>\n<tr style=\"vertical-align: top;\">\n<td><strong>Portal de Datos de Biodiversidad<\/strong><\/td>\n<td>Software<\/td>\n<td>GBIF.ES<\/td>\n<td>Permite encontrar, acceder, combinar, visualizar, descargar y analizar datos de biodiversidad. Esta plataforma online hace accesibles los registros de biodiversidad publicados a trav\u00e9s de GBIF Espa\u00f1a por proveedores nacionales y por aquellos proveedores extranjeros cuyos datos se ubican en territorio espa\u00f1ol.<\/td>\n<td style=\"word-break: break-all;\">\n<form action=\"https:\/\/datos.gbif.es\/\" method=\"GET\"><input type=\"submit\" value=\"Acceso al recurso\" \/><\/form>\n<\/td>\n<td style=\"word-break: break-all;\">\n<form action=\"https:\/\/github.com\/AtlasOfLivingAustralia?language=css\" method=\"GET\"><input type=\"submit\" value=\"Repositorio de c\u00f3digo abierto\" \/><\/form>\n<\/td>\n<td>16\/02\/2022<\/td>\n<\/tr>\n<\/tbody>\n<\/table>\n","protected":false},"excerpt":{"rendered":"<p>T\u00edtulo del desarrollo Tipo de desarrollo* Entidad\/administraci\u00f3n responsable Descripci\u00f3n URL de acceso URL del repositorio de c\u00f3digo abierto Fecha \u00faltima consulta verificaci\u00f3n Banco de datos de la naturaleza (BDN) Software MITERD &#8211; Subdirecci\u00f3n General de Biodiversidad Terrestre y Marina Repositorio de informaci\u00f3n alfanum\u00e9rica, cartogr\u00e1fica, documental y multimedia disponible sobre los distintos componentes del Inventario Espa\u00f1ol [&hellip;]<\/p>\n","protected":false},"author":14,"featured_media":0,"parent":25771,"menu_order":0,"comment_status":"closed","ping_status":"closed","template":"template-sobregbif.php","meta":{"_acf_changed":false,"_et_pb_use_builder":"","_et_pb_old_content":"","_et_gb_content_width":"","inline_featured_image":false,"footnotes":""},"class_list":["post-25991","page","type-page","status-publish","hentry"],"acf":[],"yoast_head":"<!-- This site is optimized with the Yoast SEO plugin v27.0 - https:\/\/yoast.com\/product\/yoast-seo-wordpress\/ -->\n<title>Resources (ES) - GBIF.ES<\/title>\n<meta name=\"robots\" content=\"index, follow, max-snippet:-1, max-image-preview:large, max-video-preview:-1\" \/>\n<link rel=\"canonical\" href=\"https:\/\/gbif.es\/en\/stakeholders\/jornadas-administraciones-ambientales\/resources-spanish\/\" \/>\n<meta property=\"og:locale\" content=\"en_US\" \/>\n<meta property=\"og:type\" content=\"article\" \/>\n<meta property=\"og:title\" content=\"Resources (ES) - GBIF.ES\" \/>\n<meta property=\"og:description\" content=\"T\u00edtulo del desarrollo Tipo de desarrollo* Entidad\/administraci\u00f3n responsable Descripci\u00f3n URL de acceso URL del repositorio de c\u00f3digo abierto Fecha \u00faltima consulta verificaci\u00f3n Banco de datos de la naturaleza (BDN) Software MITERD &#8211; Subdirecci\u00f3n General de Biodiversidad Terrestre y Marina Repositorio de informaci\u00f3n alfanum\u00e9rica, cartogr\u00e1fica, documental y multimedia disponible sobre los distintos componentes del Inventario Espa\u00f1ol [&hellip;]\" \/>\n<meta property=\"og:url\" content=\"https:\/\/gbif.es\/en\/stakeholders\/jornadas-administraciones-ambientales\/resources-spanish\/\" \/>\n<meta property=\"og:site_name\" content=\"GBIF.ES\" \/>\n<meta property=\"article:modified_time\" content=\"2023-10-18T08:55:20+00:00\" \/>\n<meta property=\"og:image\" content=\"https:\/\/gbif.es\/wp-content\/uploads\/2024\/07\/logo-GBIF-RGB-01.png\" \/>\n\t<meta property=\"og:image:width\" content=\"1064\" \/>\n\t<meta property=\"og:image:height\" content=\"554\" \/>\n\t<meta property=\"og:image:type\" content=\"image\/png\" \/>\n<meta name=\"twitter:card\" content=\"summary_large_image\" \/>\n<meta name=\"twitter:site\" content=\"@GbifEs\" \/>\n<meta name=\"twitter:label1\" content=\"Est. reading time\" \/>\n\t<meta name=\"twitter:data1\" content=\"3 minutes\" \/>\n<script type=\"application\/ld+json\" class=\"yoast-schema-graph\">{\"@context\":\"https:\/\/schema.org\",\"@graph\":[{\"@type\":\"WebPage\",\"@id\":\"https:\/\/gbif.es\/en\/stakeholders\/jornadas-administraciones-ambientales\/resources-spanish\/\",\"url\":\"https:\/\/gbif.es\/en\/stakeholders\/jornadas-administraciones-ambientales\/resources-spanish\/\",\"name\":\"Resources (ES) - GBIF.ES\",\"isPartOf\":{\"@id\":\"https:\/\/gbif.es\/#website\"},\"datePublished\":\"2022-07-04T09:38:08+00:00\",\"dateModified\":\"2023-10-18T08:55:20+00:00\",\"breadcrumb\":{\"@id\":\"https:\/\/gbif.es\/en\/stakeholders\/jornadas-administraciones-ambientales\/resources-spanish\/#breadcrumb\"},\"inLanguage\":\"en-US\",\"potentialAction\":[{\"@type\":\"ReadAction\",\"target\":[\"https:\/\/gbif.es\/en\/stakeholders\/jornadas-administraciones-ambientales\/resources-spanish\/\"]}]},{\"@type\":\"BreadcrumbList\",\"@id\":\"https:\/\/gbif.es\/en\/stakeholders\/jornadas-administraciones-ambientales\/resources-spanish\/#breadcrumb\",\"itemListElement\":[{\"@type\":\"ListItem\",\"position\":1,\"name\":\"Stakeholders\",\"item\":\"https:\/\/gbif.es\/en\/stakeholders\/\"},{\"@type\":\"ListItem\",\"position\":2,\"name\":\"Environmental Administrations (ES)\",\"item\":\"https:\/\/gbif.es\/en\/stakeholders\/jornadas-administraciones-ambientales\/\"},{\"@type\":\"ListItem\",\"position\":3,\"name\":\"Resources (ES)\"}]},{\"@type\":\"WebSite\",\"@id\":\"https:\/\/gbif.es\/#website\",\"url\":\"https:\/\/gbif.es\/\",\"name\":\"GBIF.ES - Nodo Nacional de Informaci\u00f3n en Biodiversidad\",\"description\":\"National Biodiversity Information Node\",\"publisher\":{\"@id\":\"https:\/\/gbif.es\/#organization\"},\"alternateName\":\"GBIF.ES\",\"potentialAction\":[{\"@type\":\"SearchAction\",\"target\":{\"@type\":\"EntryPoint\",\"urlTemplate\":\"https:\/\/gbif.es\/?s={search_term_string}\"},\"query-input\":{\"@type\":\"PropertyValueSpecification\",\"valueRequired\":true,\"valueName\":\"search_term_string\"}}],\"inLanguage\":\"en-US\"},{\"@type\":\"Organization\",\"@id\":\"https:\/\/gbif.es\/#organization\",\"name\":\"GBIF.ES - Nodo Nacional de Informaci\u00f3n en Biodiversidad\",\"url\":\"https:\/\/gbif.es\/\",\"logo\":{\"@type\":\"ImageObject\",\"inLanguage\":\"en-US\",\"@id\":\"https:\/\/gbif.es\/#\/schema\/logo\/image\/\",\"url\":\"https:\/\/gbif.es\/wp-content\/uploads\/2024\/07\/logo-GBIF-RGB-01.png\",\"contentUrl\":\"https:\/\/gbif.es\/wp-content\/uploads\/2024\/07\/logo-GBIF-RGB-01.png\",\"width\":1064,\"height\":554,\"caption\":\"GBIF.ES - Nodo Nacional de Informaci\u00f3n en Biodiversidad\"},\"image\":{\"@id\":\"https:\/\/gbif.es\/#\/schema\/logo\/image\/\"},\"sameAs\":[\"https:\/\/x.com\/GbifEs\",\"https:\/\/www.linkedin.com\/company\/gbif-spain\/\",\"https:\/\/www.instagram.com\/gbifes\/\",\"https:\/\/www.threads.net\/@gbifes\"]}]}<\/script>\n<!-- \/ Yoast SEO plugin. -->","yoast_head_json":{"title":"Resources (ES) - GBIF.ES","robots":{"index":"index","follow":"follow","max-snippet":"max-snippet:-1","max-image-preview":"max-image-preview:large","max-video-preview":"max-video-preview:-1"},"canonical":"https:\/\/gbif.es\/en\/stakeholders\/jornadas-administraciones-ambientales\/resources-spanish\/","og_locale":"en_US","og_type":"article","og_title":"Resources (ES) - GBIF.ES","og_description":"T\u00edtulo del desarrollo Tipo de desarrollo* Entidad\/administraci\u00f3n responsable Descripci\u00f3n URL de acceso URL del repositorio de c\u00f3digo abierto Fecha \u00faltima consulta verificaci\u00f3n Banco de datos de la naturaleza (BDN) Software MITERD &#8211; Subdirecci\u00f3n General de Biodiversidad Terrestre y Marina Repositorio de informaci\u00f3n alfanum\u00e9rica, cartogr\u00e1fica, documental y multimedia disponible sobre los distintos componentes del Inventario Espa\u00f1ol [&hellip;]","og_url":"https:\/\/gbif.es\/en\/stakeholders\/jornadas-administraciones-ambientales\/resources-spanish\/","og_site_name":"GBIF.ES","article_modified_time":"2023-10-18T08:55:20+00:00","og_image":[{"width":1064,"height":554,"url":"https:\/\/gbif.es\/wp-content\/uploads\/2024\/07\/logo-GBIF-RGB-01.png","type":"image\/png"}],"twitter_card":"summary_large_image","twitter_site":"@GbifEs","twitter_misc":{"Est. reading time":"3 minutes"},"schema":{"@context":"https:\/\/schema.org","@graph":[{"@type":"WebPage","@id":"https:\/\/gbif.es\/en\/stakeholders\/jornadas-administraciones-ambientales\/resources-spanish\/","url":"https:\/\/gbif.es\/en\/stakeholders\/jornadas-administraciones-ambientales\/resources-spanish\/","name":"Resources (ES) - GBIF.ES","isPartOf":{"@id":"https:\/\/gbif.es\/#website"},"datePublished":"2022-07-04T09:38:08+00:00","dateModified":"2023-10-18T08:55:20+00:00","breadcrumb":{"@id":"https:\/\/gbif.es\/en\/stakeholders\/jornadas-administraciones-ambientales\/resources-spanish\/#breadcrumb"},"inLanguage":"en-US","potentialAction":[{"@type":"ReadAction","target":["https:\/\/gbif.es\/en\/stakeholders\/jornadas-administraciones-ambientales\/resources-spanish\/"]}]},{"@type":"BreadcrumbList","@id":"https:\/\/gbif.es\/en\/stakeholders\/jornadas-administraciones-ambientales\/resources-spanish\/#breadcrumb","itemListElement":[{"@type":"ListItem","position":1,"name":"Stakeholders","item":"https:\/\/gbif.es\/en\/stakeholders\/"},{"@type":"ListItem","position":2,"name":"Environmental Administrations (ES)","item":"https:\/\/gbif.es\/en\/stakeholders\/jornadas-administraciones-ambientales\/"},{"@type":"ListItem","position":3,"name":"Resources (ES)"}]},{"@type":"WebSite","@id":"https:\/\/gbif.es\/#website","url":"https:\/\/gbif.es\/","name":"GBIF.ES - Nodo Nacional de Informaci\u00f3n en Biodiversidad","description":"National Biodiversity Information Node","publisher":{"@id":"https:\/\/gbif.es\/#organization"},"alternateName":"GBIF.ES","potentialAction":[{"@type":"SearchAction","target":{"@type":"EntryPoint","urlTemplate":"https:\/\/gbif.es\/?s={search_term_string}"},"query-input":{"@type":"PropertyValueSpecification","valueRequired":true,"valueName":"search_term_string"}}],"inLanguage":"en-US"},{"@type":"Organization","@id":"https:\/\/gbif.es\/#organization","name":"GBIF.ES - Nodo Nacional de Informaci\u00f3n en Biodiversidad","url":"https:\/\/gbif.es\/","logo":{"@type":"ImageObject","inLanguage":"en-US","@id":"https:\/\/gbif.es\/#\/schema\/logo\/image\/","url":"https:\/\/gbif.es\/wp-content\/uploads\/2024\/07\/logo-GBIF-RGB-01.png","contentUrl":"https:\/\/gbif.es\/wp-content\/uploads\/2024\/07\/logo-GBIF-RGB-01.png","width":1064,"height":554,"caption":"GBIF.ES - Nodo Nacional de Informaci\u00f3n en Biodiversidad"},"image":{"@id":"https:\/\/gbif.es\/#\/schema\/logo\/image\/"},"sameAs":["https:\/\/x.com\/GbifEs","https:\/\/www.linkedin.com\/company\/gbif-spain\/","https:\/\/www.instagram.com\/gbifes\/","https:\/\/www.threads.net\/@gbifes"]}]}},"_links":{"self":[{"href":"https:\/\/gbif.es\/en\/wp-json\/wp\/v2\/pages\/25991","targetHints":{"allow":["GET"]}}],"collection":[{"href":"https:\/\/gbif.es\/en\/wp-json\/wp\/v2\/pages"}],"about":[{"href":"https:\/\/gbif.es\/en\/wp-json\/wp\/v2\/types\/page"}],"author":[{"embeddable":true,"href":"https:\/\/gbif.es\/en\/wp-json\/wp\/v2\/users\/14"}],"replies":[{"embeddable":true,"href":"https:\/\/gbif.es\/en\/wp-json\/wp\/v2\/comments?post=25991"}],"version-history":[{"count":5,"href":"https:\/\/gbif.es\/en\/wp-json\/wp\/v2\/pages\/25991\/revisions"}],"predecessor-version":[{"id":29298,"href":"https:\/\/gbif.es\/en\/wp-json\/wp\/v2\/pages\/25991\/revisions\/29298"}],"up":[{"embeddable":true,"href":"https:\/\/gbif.es\/en\/wp-json\/wp\/v2\/pages\/25771"}],"wp:attachment":[{"href":"https:\/\/gbif.es\/en\/wp-json\/wp\/v2\/media?parent=25991"}],"curies":[{"name":"wp","href":"https:\/\/api.w.org\/{rel}","templated":true}]}}